{"id":350,"date":"2013-07-31T15:15:53","date_gmt":"2013-07-31T13:15:53","guid":{"rendered":"http:\/\/weihnachtsfeier-planer.de\/wordpress\/?page_id=350"},"modified":"2016-10-26T09:16:10","modified_gmt":"2016-10-26T08:16:10","slug":"weihnachtsfeier-paket-3-advent","status":"publish","type":"page","link":"https:\/\/weihnachtsfeier-planer.de\/wordpress\/weihnachtsfeier-pakete\/weihnachtsfeier-paket-3-advent\/","title":{"rendered":"Weihnachtsfeier Paket &#8222;3. Advent&#8220;"},"content":{"rendered":"<p><span style=\"color: #888888;\"><b>Egal welches Paket Sie bei uns bestellen \u2013 jedes Paket ist in sich eine perfekte Weihnachtsfeier.\u00a0 Jedes Paket wird von uns mit Herzblut und Leidenschaft erf\u00fcllt.<\/b><\/span><\/p>\n<p><span style=\"color: #888888;\"><b>3. Advent \u2013 Weihnachtsfeier \u2013 Paket \u2013 ab 60,50 \u20ac<\/b><\/span><\/p>\n<p><span style=\"color: #888888;\">LOCATION<\/span><\/p>\n<ul>\n<li><span style=\"color: #888888;\">Hochwertige Location<\/span><\/li>\n<li><span style=\"color: #888888;\">Individuelle Dekoration<\/span><\/li>\n<li><span style=\"color: #888888;\">Hostessen zur Akkreditierung, Begr\u00fc\u00dfung und Betreuung<\/span><\/li>\n<li><span style=\"color: #888888;\">Tischdekoration<\/span><\/li>\n<li><span style=\"color: #888888;\">Bestuhlungs- und Sitzpl\u00e4ne<\/span><\/li>\n<li><span style=\"color: #888888;\">Rednerpult &amp; Podest<\/span><\/li>\n<li><span style=\"color: #888888;\">Besichtigung Locations<img loading=\"lazy\" class=\"alignright wp-image-643\" src=\"https:\/\/weihnachtsfeier-planer.de\/wordpress\/wp-content\/uploads\/2013\/07\/weihnachtsfeier-planer_geschenk_paket_102.jpg\" alt=\"weihnachtsfeier-planer_geschenk_paket_102\" width=\"333\" height=\"333\" srcset=\"https:\/\/weihnachtsfeier-planer.de\/wordpress\/wp-content\/uploads\/2013\/07\/weihnachtsfeier-planer_geschenk_paket_102.jpg 200w, https:\/\/weihnachtsfeier-planer.de\/wordpress\/wp-content\/uploads\/2013\/07\/weihnachtsfeier-planer_geschenk_paket_102-150x150.jpg 150w, https:\/\/weihnachtsfeier-planer.de\/wordpress\/wp-content\/uploads\/2013\/07\/weihnachtsfeier-planer_geschenk_paket_102-50x50.jpg 50w, https:\/\/weihnachtsfeier-planer.de\/wordpress\/wp-content\/uploads\/2013\/07\/weihnachtsfeier-planer_geschenk_paket_102-144x144.jpg 144w\" sizes=\"(max-width: 333px) 100vw, 333px\" \/><br \/>\n<\/span><\/li>\n<\/ul>\n<p><span style=\"color: #888888;\">CATERING<\/span><\/p>\n<ul>\n<li><span style=\"color: #888888;\">Individuelles Buffet<\/span><\/li>\n<li><span style=\"color: #888888;\">Getr\u00e4nkeflatrate Softdrinks<\/span><\/li>\n<li><span style=\"color: #888888;\">Tischkarten (Standard)<\/span><\/li>\n<li><span style=\"color: #888888;\">Catering Personal<\/span><\/li>\n<li><span style=\"color: #888888;\">Geschirr, Besteck, Gl\u00e4ser<\/span><\/li>\n<li><span style=\"color: #888888;\">Getr\u00e4nke- und Men\u00fckarten (Standard)<\/span><\/li>\n<li><span style=\"color: #888888;\">Reinigung<\/span><\/li>\n<li><span style=\"color: #888888;\">Servietten (Papier)<\/span><\/li>\n<li><span style=\"color: #888888;\">Tischdecken<\/span><\/li>\n<li><span style=\"color: #888888;\">Stehtische<\/span><\/li>\n<li><span style=\"color: #888888;\">Anordnung der Tische nach Wunsch<\/span><\/li>\n<li><span style=\"color: #888888;\">Buffettische mit Skirting<\/span><\/li>\n<li><span style=\"color: #888888;\">Barhocker<\/span><\/li>\n<li><span style=\"color: #888888;\">Besichtigung Caterer<\/span><\/li>\n<\/ul>\n<p><span style=\"color: #888888;\">ENTERTAINMENT<\/span><\/p>\n<ul>\n<li><span style=\"color: #888888;\">Lichttechnik<\/span><\/li>\n<li><span style=\"color: #888888;\">Tontechnik<\/span><\/li>\n<li><span style=\"color: #888888;\">DJ (Profi)<\/span><\/li>\n<li><span style=\"color: #888888;\">DJ Podest \/ B\u00fchne<\/span><\/li>\n<li><span style=\"color: #888888;\">Beamer \/ Projektor mir Leinwand<\/span><\/li>\n<\/ul>\n<p><span style=\"color: #888888;\">ZUS\u00c4TZLICHES<\/span><\/p>\n<ul>\n<li><span style=\"color: #888888;\">Fotograf<\/span><\/li>\n<li><span style=\"color: #888888;\">Security<\/span><\/li>\n<li><span style=\"color: #888888;\">Veranstaltungsmanager<\/span><\/li>\n<li><span style=\"color: #888888;\">GEMA \/ KSK und alle weiteren Geb\u00fchren<\/span><\/li>\n<li><span style=\"color: #888888;\">Versicherungen<\/span><\/li>\n<li><span style=\"color: #888888;\">Design und Druck von hochwertigen Eintrittskarten<\/span><\/li>\n<li><span style=\"color: #888888;\">7 Tage \/ 24 Stunden Erreichbarkeit der Weihnachtsfeier Planer<\/span><\/li>\n<li><span style=\"color: #888888;\">Aufbau \/ Abbau<\/span><\/li>\n<li><span style=\"color: #888888;\">PEP Event Planungssoftware<\/span><\/li>\n<li><span style=\"color: #888888;\">Online Abwicklung der Bestellungen<\/span><\/li>\n<li><span style=\"color: #888888;\">W\u00f6chentlicher Statusbericht<\/span><\/li>\n<\/ul>\n<p><span style=\"color: #888888;\">\u00a0<b>Zus\u00e4tzlich kommen beim PREMIUM Abiball Paket zum Einsatz<\/b><\/span><\/p>\n<p><span style=\"color: #888888;\"><b><span style=\"text-decoration: underline;\">Getr\u00e4nkeflatrate Softdrinks, S\u00e4fte und \u201eleichter Alkohol\u201c (Bier, Wein)<img loading=\"lazy\" class=\"size-full wp-image-351 alignright\" title=\"Weihnachtsfeier Planer Pakete 3. advent\" src=\"https:\/\/weihnachtsfeier-planer.de\/wordpress\/wp-content\/uploads\/2013\/07\/weihnachtsfeier-planer_geschenk_paket_4.jpg\" alt=\"weihnachtsfeier-planer_geschenk_paket_4\" width=\"200\" height=\"200\" srcset=\"https:\/\/weihnachtsfeier-planer.de\/wordpress\/wp-content\/uploads\/2013\/07\/weihnachtsfeier-planer_geschenk_paket_4.jpg 200w, https:\/\/weihnachtsfeier-planer.de\/wordpress\/wp-content\/uploads\/2013\/07\/weihnachtsfeier-planer_geschenk_paket_4-150x150.jpg 150w\" sizes=\"(max-width: 200px) 100vw, 200px\" \/><\/span><\/b><\/span><\/p>\n<ul>\n<li><span style=\"color: #888888;\">Sektempfang<\/span><\/li>\n<li><span style=\"color: #888888;\">Roter Teppich<\/span><\/li>\n<li><span style=\"color: #888888;\">Ticketversand<\/span><\/li>\n<li><span style=\"color: #888888;\">Stehtischhussen<\/span><\/li>\n<li><span style=\"color: #888888;\">Candelabras<\/span><\/li>\n<\/ul>\n<p><span style=\"color: #888888;\">Hier finden Sie eine <a title=\"Weihnachtsfeier Pakete \/ Pauschalen \/ Buffet \/ all inclusive\" href=\"https:\/\/weihnachtsfeier-planer.de\/wordpress\/wp-content\/uploads\/2013\/07\/weihnachtsfeier-planer_pakate_pauschalen.pdf\" target=\"_blank\">\u00dcbersicht \u00fcber alle Pakete<\/a>!<\/span><\/p>\n","protected":false},"excerpt":{"rendered":"<p>Egal welches Paket Sie bei uns bestellen \u2013 jedes Paket ist in sich eine perfekte Weihnachtsfeier.\u00a0 Jedes Paket wird von uns mit Herzblut und Leidenschaft erf\u00fcllt. 3. Advent \u2013 Weihnachtsfeier \u2013 Paket \u2013 ab 60,50 \u20ac LOCATION Hochwertige Location Individuelle Dekoration Hostessen zur Akkreditierung, Begr\u00fc\u00dfung und Betreuung Tischdekoration Bestuhlungs- und Sitzpl\u00e4ne Rednerpult &amp; Podest Besichtigung Locations CATERING Individuelles Buffet Getr\u00e4nkeflatrate Softdrinks Tischkarten (Standard) Catering Personal Geschirr, Besteck, Gl\u00e4ser Getr\u00e4nke- und Men\u00fckarten (Standard) Reinigung Servietten (Papier) Tischdecken Stehtische Anordnung der Tische nach Wunsch Buffettische mit Skirting Barhocker Besichtigung Caterer ENTERTAINMENT Lichttechnik Tontechnik DJ (Profi) DJ Podest \/ B\u00fchne Beamer \/ Projektor mir Leinwand ZUS\u00c4TZLICHES Fotograf Security Veranstaltungsmanager GEMA \/ KSK und&#8230;<\/p>\n<p><a class=\"clear excerptmore button\" href=\"https:\/\/weihnachtsfeier-planer.de\/wordpress\/weihnachtsfeier-pakete\/weihnachtsfeier-paket-3-advent\/\">Weiterlesen&#8230; &raquo;<\/a><\/p>\n","protected":false},"author":1,"featured_media":0,"parent":74,"menu_order":0,"comment_status":"open","ping_status":"open","template":"tpl_fullwidth-page.php","meta":[],"yoast_head":"<!-- This site is optimized with the Yoast SEO plugin v19.8 - https:\/\/yoast.com\/wordpress\/plugins\/seo\/ -->\n<title>Weihnachtsfeier Pakete, Pauschale, XL, First Class, Buffet, Getr\u00e4nke<\/title>\n<meta name=\"description\" content=\"Weihnachtsfeier Pakete, Pauschale, XL, First Class, Location, Buffet, Getr\u00e4nkepauschale, gro\u00dfes Paket, all inclusive, Berlin, Agentur, Event, Firma, Party\" \/>\n<meta name=\"robots\" content=\"index, follow, max-snippet:-1, max-image-preview:large, max-video-preview:-1\" \/>\n<link rel=\"canonical\" href=\"https:\/\/weihnachtsfeier-planer.de\/wordpress\/weihnachtsfeier-pakete\/weihnachtsfeier-paket-3-advent\/\" \/>\n<meta property=\"og:locale\" content=\"de_DE\" \/>\n<meta property=\"og:type\" content=\"article\" \/>\n<meta property=\"og:title\" content=\"Weihnachtsfeier Pakete, Pauschale, XL, First Class, Buffet, Getr\u00e4nke\" \/>\n<meta property=\"og:description\" content=\"Weihnachtsfeier Pakete, Pauschale, XL, First Class, Location, Buffet, Getr\u00e4nkepauschale, gro\u00dfes Paket, all inclusive, Berlin, Agentur, Event, Firma, Party\" \/>\n<meta property=\"og:url\" content=\"https:\/\/weihnachtsfeier-planer.de\/wordpress\/weihnachtsfeier-pakete\/weihnachtsfeier-paket-3-advent\/\" \/>\n<meta property=\"og:site_name\" content=\"Weihnachtsfeier Planer Berlin\" \/>\n<meta property=\"article:modified_time\" content=\"2016-10-26T08:16:10+00:00\" \/>\n<meta property=\"og:image\" content=\"http:\/\/weihnachtsfeier-planer.de\/wordpress\/wp-content\/uploads\/2013\/07\/weihnachtsfeier-planer_geschenk_paket_102.jpg\" \/>\n<meta name=\"twitter:label1\" content=\"Gesch\u00e4tzte Lesezeit\" \/>\n\t<meta name=\"twitter:data1\" content=\"1\u00a0Minute\" \/>\n<script type=\"application\/ld+json\" class=\"yoast-schema-graph\">{\"@context\":\"https:\/\/schema.org\",\"@graph\":[{\"@type\":\"WebPage\",\"@id\":\"https:\/\/weihnachtsfeier-planer.de\/wordpress\/weihnachtsfeier-pakete\/weihnachtsfeier-paket-3-advent\/\",\"url\":\"https:\/\/weihnachtsfeier-planer.de\/wordpress\/weihnachtsfeier-pakete\/weihnachtsfeier-paket-3-advent\/\",\"name\":\"Weihnachtsfeier Pakete, Pauschale, XL, First Class, Buffet, Getr\u00e4nke\",\"isPartOf\":{\"@id\":\"https:\/\/weihnachtsfeier-planer.de\/wordpress\/#website\"},\"datePublished\":\"2013-07-31T13:15:53+00:00\",\"dateModified\":\"2016-10-26T08:16:10+00:00\",\"description\":\"Weihnachtsfeier Pakete, Pauschale, XL, First Class, Location, Buffet, Getr\u00e4nkepauschale, gro\u00dfes Paket, all inclusive, Berlin, Agentur, Event, Firma, Party\",\"breadcrumb\":{\"@id\":\"https:\/\/weihnachtsfeier-planer.de\/wordpress\/weihnachtsfeier-pakete\/weihnachtsfeier-paket-3-advent\/#breadcrumb\"},\"inLanguage\":\"de\",\"potentialAction\":[{\"@type\":\"ReadAction\",\"target\":[\"https:\/\/weihnachtsfeier-planer.de\/wordpress\/weihnachtsfeier-pakete\/weihnachtsfeier-paket-3-advent\/\"]}]},{\"@type\":\"BreadcrumbList\",\"@id\":\"https:\/\/weihnachtsfeier-planer.de\/wordpress\/weihnachtsfeier-pakete\/weihnachtsfeier-paket-3-advent\/#breadcrumb\",\"itemListElement\":[{\"@type\":\"ListItem\",\"position\":1,\"name\":\"Startseite\",\"item\":\"https:\/\/weihnachtsfeier-planer.de\/wordpress\/\"},{\"@type\":\"ListItem\",\"position\":2,\"name\":\"Weihnachtsfeier Pakete\",\"item\":\"https:\/\/weihnachtsfeier-planer.de\/wordpress\/weihnachtsfeier-pakete\/\"},{\"@type\":\"ListItem\",\"position\":3,\"name\":\"Weihnachtsfeier Paket &#8222;3. Advent&#8220;\"}]},{\"@type\":\"WebSite\",\"@id\":\"https:\/\/weihnachtsfeier-planer.de\/wordpress\/#website\",\"url\":\"https:\/\/weihnachtsfeier-planer.de\/wordpress\/\",\"name\":\"Weihnachtsfeier Planer Berlin\",\"description\":\"Auf eine wunderbare Weihnachtsfeier in Berlin\",\"potentialAction\":[{\"@type\":\"SearchAction\",\"target\":{\"@type\":\"EntryPoint\",\"urlTemplate\":\"https:\/\/weihnachtsfeier-planer.de\/wordpress\/?s={search_term_string}\"},\"query-input\":\"required name=search_term_string\"}],\"inLanguage\":\"de\"}]}<\/script>\n<!-- \/ Yoast SEO plugin. -->","yoast_head_json":{"title":"Weihnachtsfeier Pakete, Pauschale, XL, First Class, Buffet, Getr\u00e4nke","description":"Weihnachtsfeier Pakete, Pauschale, XL, First Class, Location, Buffet, Getr\u00e4nkepauschale, gro\u00dfes Paket, all inclusive, Berlin, Agentur, Event, Firma, Party","robots":{"index":"index","follow":"follow","max-snippet":"max-snippet:-1","max-image-preview":"max-image-preview:large","max-video-preview":"max-video-preview:-1"},"canonical":"https:\/\/weihnachtsfeier-planer.de\/wordpress\/weihnachtsfeier-pakete\/weihnachtsfeier-paket-3-advent\/","og_locale":"de_DE","og_type":"article","og_title":"Weihnachtsfeier Pakete, Pauschale, XL, First Class, Buffet, Getr\u00e4nke","og_description":"Weihnachtsfeier Pakete, Pauschale, XL, First Class, Location, Buffet, Getr\u00e4nkepauschale, gro\u00dfes Paket, all inclusive, Berlin, Agentur, Event, Firma, Party","og_url":"https:\/\/weihnachtsfeier-planer.de\/wordpress\/weihnachtsfeier-pakete\/weihnachtsfeier-paket-3-advent\/","og_site_name":"Weihnachtsfeier Planer Berlin","article_modified_time":"2016-10-26T08:16:10+00:00","og_image":[{"url":"http:\/\/weihnachtsfeier-planer.de\/wordpress\/wp-content\/uploads\/2013\/07\/weihnachtsfeier-planer_geschenk_paket_102.jpg"}],"twitter_misc":{"Gesch\u00e4tzte Lesezeit":"1\u00a0Minute"},"schema":{"@context":"https:\/\/schema.org","@graph":[{"@type":"WebPage","@id":"https:\/\/weihnachtsfeier-planer.de\/wordpress\/weihnachtsfeier-pakete\/weihnachtsfeier-paket-3-advent\/","url":"https:\/\/weihnachtsfeier-planer.de\/wordpress\/weihnachtsfeier-pakete\/weihnachtsfeier-paket-3-advent\/","name":"Weihnachtsfeier Pakete, Pauschale, XL, First Class, Buffet, Getr\u00e4nke","isPartOf":{"@id":"https:\/\/weihnachtsfeier-planer.de\/wordpress\/#website"},"datePublished":"2013-07-31T13:15:53+00:00","dateModified":"2016-10-26T08:16:10+00:00","description":"Weihnachtsfeier Pakete, Pauschale, XL, First Class, Location, Buffet, Getr\u00e4nkepauschale, gro\u00dfes Paket, all inclusive, Berlin, Agentur, Event, Firma, Party","breadcrumb":{"@id":"https:\/\/weihnachtsfeier-planer.de\/wordpress\/weihnachtsfeier-pakete\/weihnachtsfeier-paket-3-advent\/#breadcrumb"},"inLanguage":"de","potentialAction":[{"@type":"ReadAction","target":["https:\/\/weihnachtsfeier-planer.de\/wordpress\/weihnachtsfeier-pakete\/weihnachtsfeier-paket-3-advent\/"]}]},{"@type":"BreadcrumbList","@id":"https:\/\/weihnachtsfeier-planer.de\/wordpress\/weihnachtsfeier-pakete\/weihnachtsfeier-paket-3-advent\/#breadcrumb","itemListElement":[{"@type":"ListItem","position":1,"name":"Startseite","item":"https:\/\/weihnachtsfeier-planer.de\/wordpress\/"},{"@type":"ListItem","position":2,"name":"Weihnachtsfeier Pakete","item":"https:\/\/weihnachtsfeier-planer.de\/wordpress\/weihnachtsfeier-pakete\/"},{"@type":"ListItem","position":3,"name":"Weihnachtsfeier Paket &#8222;3. Advent&#8220;"}]},{"@type":"WebSite","@id":"https:\/\/weihnachtsfeier-planer.de\/wordpress\/#website","url":"https:\/\/weihnachtsfeier-planer.de\/wordpress\/","name":"Weihnachtsfeier Planer Berlin","description":"Auf eine wunderbare Weihnachtsfeier in Berlin","potentialAction":[{"@type":"SearchAction","target":{"@type":"EntryPoint","urlTemplate":"https:\/\/weihnachtsfeier-planer.de\/wordpress\/?s={search_term_string}"},"query-input":"required name=search_term_string"}],"inLanguage":"de"}]}},"_links":{"self":[{"href":"https:\/\/weihnachtsfeier-planer.de\/wordpress\/wp-json\/wp\/v2\/pages\/350"}],"collection":[{"href":"https:\/\/weihnachtsfeier-planer.de\/wordpress\/wp-json\/wp\/v2\/pages"}],"about":[{"href":"https:\/\/weihnachtsfeier-planer.de\/wordpress\/wp-json\/wp\/v2\/types\/page"}],"author":[{"embeddable":true,"href":"https:\/\/weihnachtsfeier-planer.de\/wordpress\/wp-json\/wp\/v2\/users\/1"}],"replies":[{"embeddable":true,"href":"https:\/\/weihnachtsfeier-planer.de\/wordpress\/wp-json\/wp\/v2\/comments?post=350"}],"version-history":[{"count":7,"href":"https:\/\/weihnachtsfeier-planer.de\/wordpress\/wp-json\/wp\/v2\/pages\/350\/revisions"}],"predecessor-version":[{"id":645,"href":"https:\/\/weihnachtsfeier-planer.de\/wordpress\/wp-json\/wp\/v2\/pages\/350\/revisions\/645"}],"up":[{"embeddable":true,"href":"https:\/\/weihnachtsfeier-planer.de\/wordpress\/wp-json\/wp\/v2\/pages\/74"}],"wp:attachment":[{"href":"https:\/\/weihnachtsfeier-planer.de\/wordpress\/wp-json\/wp\/v2\/media?parent=350"}],"curies":[{"name":"wp","href":"https:\/\/api.w.org\/{rel}","templated":true}]}}